{"id":13,"date":"2023-10-12T09:46:38","date_gmt":"2023-10-12T07:46:38","guid":{"rendered":"http:\/\/ciudadanialegal.cl\/?page_id=13"},"modified":"2023-12-21T20:56:55","modified_gmt":"2023-12-21T23:56:55","slug":"nuestra-practica","status":"publish","type":"page","link":"https:\/\/ciudadanialegal.cl\/?page_id=13","title":{"rendered":"Nuestra <span style=\"color: #0000ff;\">Pr\u00e1ctica<\/span>"},"content":{"rendered":"<p>[et_pb_section fb_built=\u00bb1&#8243; _builder_version=\u00bb4.21.2&#8243; _module_preset=\u00bbdefault\u00bb custom_padding=\u00bb7px|||||\u00bb global_colors_info=\u00bb{}\u00bb][et_pb_row column_structure=\u00bb1_2,1_2&#8243; disabled_on=\u00bbon|on|off\u00bb _builder_version=\u00bb4.21.2&#8243; _module_preset=\u00bbdefault\u00bb global_colors_info=\u00bb{}\u00bb][et_pb_column type=\u00bb1_2&#8243; _builder_version=\u00bb4.21.2&#8243; _module_preset=\u00bbdefault\u00bb global_colors_info=\u00bb{}\u00bb][et_pb_post_title meta=\u00bboff\u00bb featured_image=\u00bboff\u00bb _builder_version=\u00bb4.21.2&#8243; _module_preset=\u00bbdefault\u00bb global_colors_info=\u00bb{}\u00bb][\/et_pb_post_title][et_pb_text _builder_version=\u00bb4.21.2&#8243; _module_preset=\u00bbdefault\u00bb text_orientation=\u00bbjustified\u00bb global_colors_info=\u00bb{}\u00bb]<\/p>\n<p>Asesoramos exclusivamente a trabajadores y ejecutivos en materias de litigaci\u00f3n laboral con sus empleadores, en todas las \u00e1reas, tales como: servicios, miner\u00eda, energ\u00eda, construcci\u00f3n, inmobiliario, salud, tecnolog\u00edas, agr\u00edcola, ingenier\u00eda, educaci\u00f3n, servicios financieros, inform\u00e1tica, transporte e industria manufacturera, entre otros.<\/p>\n<p>Nuestra especializaci\u00f3n en litigaci\u00f3n laboral compleja, an\u00e1lisis de estrategias y experiencia en diferentes \u00e1reas de la econom\u00eda, nos permite desarrollar las acciones adecuadas para cada caso en particular, contando con las herramientas necesarias para otorgar un servicio de excelencia a trabajadores y ejecutivos.<\/p>\n<p>[\/et_pb_text][\/et_pb_column][et_pb_column type=\u00bb1_2&#8243; _builder_version=\u00bb4.21.2&#8243; _module_preset=\u00bbdefault\u00bb global_colors_info=\u00bb{}\u00bb][et_pb_post_slider include_categories=\u00bb17&#8243; orderby=\u00bbdate_asc\u00bb show_more_button=\u00bboff\u00bb use_manual_excerpt=\u00bboff\u00bb show_meta=\u00bboff\u00bb use_bg_overlay=\u00bboff\u00bb _builder_version=\u00bb4.21.2&#8243; _module_preset=\u00bbdefault\u00bb header_text_color=\u00bbRGBA(255,255,255,0)\u00bb header_font_size=\u00bb1px\u00bb width=\u00bb100%\u00bb max_width=\u00bb100%\u00bb content_max_width=\u00bb100%\u00bb min_height=\u00bb500px\u00bb height=\u00bb500px\u00bb max_height=\u00bb700px\u00bb animation_style=\u00bbfade\u00bb auto=\u00bbon\u00bb auto_speed=\u00bb8000&#8243; auto_ignore_hover=\u00bbon\u00bb hover_enabled=\u00bb0&#8243; border_color_all_image=\u00bbRGBA(255,255,255,0)\u00bb global_colors_info=\u00bb{}\u00bb sticky_enabled=\u00bb0&#8243;][\/et_pb_post_slider][\/et_pb_column][\/et_pb_row][et_pb_row disabled_on=\u00bboff|off|on\u00bb _builder_version=\u00bb4.21.2&#8243; _module_preset=\u00bbdefault\u00bb custom_margin=\u00bb0px||0px||true|false\u00bb custom_padding=\u00bb0px||0px||true|false\u00bb global_colors_info=\u00bb{}\u00bb][et_pb_column type=\u00bb4_4&#8243; _builder_version=\u00bb4.21.2&#8243; _module_preset=\u00bbdefault\u00bb custom_padding=\u00bb0px|0px|0px|0px|false|false\u00bb global_colors_info=\u00bb{}\u00bb][et_pb_post_title meta=\u00bboff\u00bb featured_image=\u00bboff\u00bb _builder_version=\u00bb4.21.2&#8243; _module_preset=\u00bbdefault\u00bb global_colors_info=\u00bb{}\u00bb][\/et_pb_post_title][et_pb_code _builder_version=\u00bb4.21.2&#8243; _module_preset=\u00bbdefault\u00bb global_colors_info=\u00bb{}\u00bb][\/et_pb_code][et_pb_text _builder_version=\u00bb4.21.2&#8243; _module_preset=\u00bbdefault\u00bb text_orientation=\u00bbjustified\u00bb global_colors_info=\u00bb{}\u00bb]<\/p>\n<p>Asesoramos exclusivamente a trabajadores y ejecutivos en materias de litigaci\u00f3n laboral con sus empleadores, en todas las \u00e1reas, tales como: servicios, miner\u00eda, energ\u00eda, construcci\u00f3n, inmobiliario, salud, tecnolog\u00edas, agr\u00edcola, ingenier\u00eda, educaci\u00f3n, servicios financieros, inform\u00e1tica, transporte e industria manufacturera, entre otros.<\/p>\n<p>Nuestra especializaci\u00f3n en litigaci\u00f3n laboral compleja, an\u00e1lisis de estrategias y experiencia en diferentes \u00e1reas de la econom\u00eda, nos permite desarrollar las acciones adecuadas para cada caso en particular, contando con las herramientas necesarias para otorgar un servicio de excelencia a trabajadores y ejecutivos.<\/p>\n<p>[\/et_pb_text][\/et_pb_column][\/et_pb_row][\/et_pb_section]<\/p>\n","protected":false},"excerpt":{"rendered":"<p>Asesoramos exclusivamente a trabajadores y ejecutivos en materias de litigaci\u00f3n laboral con sus empleadores, en todas las \u00e1reas, tales como: servicios, miner\u00eda, energ\u00eda, construcci\u00f3n, inmobiliario, salud, tecnolog\u00edas, agr\u00edcola, ingenier\u00eda, educaci\u00f3n, servicios financieros, inform\u00e1tica, transporte e industria manufacturera, entre otros. Nuestra especializaci\u00f3n en litigaci\u00f3n laboral compleja, an\u00e1lisis de estrategias y experiencia en diferentes \u00e1reas de la [&hellip;]<\/p>\n","protected":false},"author":1,"featured_media":0,"parent":0,"menu_order":0,"comment_status":"closed","ping_status":"closed","template":"","meta":{"_et_pb_use_builder":"on","_et_pb_old_content":"","_et_gb_content_width":"","footnotes":""},"class_list":["post-13","page","type-page","status-publish","hentry"],"_links":{"self":[{"href":"https:\/\/ciudadanialegal.cl\/index.php?rest_route=\/wp\/v2\/pages\/13","targetHints":{"allow":["GET"]}}],"collection":[{"href":"https:\/\/ciudadanialegal.cl\/index.php?rest_route=\/wp\/v2\/pages"}],"about":[{"href":"https:\/\/ciudadanialegal.cl\/index.php?rest_route=\/wp\/v2\/types\/page"}],"author":[{"embeddable":true,"href":"https:\/\/ciudadanialegal.cl\/index.php?rest_route=\/wp\/v2\/users\/1"}],"replies":[{"embeddable":true,"href":"https:\/\/ciudadanialegal.cl\/index.php?rest_route=%2Fwp%2Fv2%2Fcomments&post=13"}],"version-history":[{"count":27,"href":"https:\/\/ciudadanialegal.cl\/index.php?rest_route=\/wp\/v2\/pages\/13\/revisions"}],"predecessor-version":[{"id":546,"href":"https:\/\/ciudadanialegal.cl\/index.php?rest_route=\/wp\/v2\/pages\/13\/revisions\/546"}],"wp:attachment":[{"href":"https:\/\/ciudadanialegal.cl\/index.php?rest_route=%2Fwp%2Fv2%2Fmedia&parent=13"}],"curies":[{"name":"wp","href":"https:\/\/api.w.org\/{rel}","templated":true}]}}